{"id":5757,"date":"2019-02-12T11:39:15","date_gmt":"2019-02-12T11:39:15","guid":{"rendered":"https:\/\/aickelin.eu\/cms\/?page_id=5757"},"modified":"2025-04-14T10:09:35","modified_gmt":"2025-04-14T10:09:35","slug":"innenliegender-sonnenschutz","status":"publish","type":"page","link":"https:\/\/aickelin.eu\/cms\/innenliegender-sonnenschutz\/","title":{"rendered":"Innenliegender Sonnenschutz"},"content":{"rendered":"\t\t<div data-elementor-type=\"wp-post\" data-elementor-id=\"5757\" class=\"elementor elementor-5757\">\n\t\t\t\t\t\t<section class=\"elementor-section elementor-top-section elementor-element elementor-element-c44ee67 elementor-section-boxed elementor-section-height-default elementor-section-height-default\" data-id=\"c44ee67\" data-element_type=\"section\" data-e-type=\"section\">\n\t\t\t\t\t\t<div class=\"elementor-container elementor-column-gap-default\">\n\t\t\t\t\t<div class=\"elementor-column elementor-col-50 elementor-top-column elementor-element elementor-element-e8d5f82\" data-id=\"e8d5f82\" data-element_type=\"column\" data-e-type=\"column\">\n\t\t\t<div class=\"elementor-widget-wrap elementor-element-populated\">\n\t\t\t\t\t\t<div class=\"elementor-element elementor-element-3aa6642 elementor-widget elementor-widget-text-editor\" data-id=\"3aa6642\" data-element_type=\"widget\" data-e-type=\"widget\" data-widget_type=\"text-editor.default\">\n\t\t\t\t<div class=\"elementor-widget-container\">\n\t\t\t\t\t\t\t\t\t<p class=\"p1\"><b>Beschattung im Wohnraum bietet viele Vorteile:<\/b><\/p><ul><li class=\"p1\">Sicht- und Blendschutz<\/li><li class=\"p1\">D\u00e4mpft den Raumschall<\/li><li class=\"p1\">Moderne und elegante Wohlf\u00fchlatmosph\u00e4re<\/li><li class=\"p1\">Funktionales und dekoratives Design<\/li><\/ul><p class=\"p1\"><b>Mit Beschichtung:<\/b><\/p><ul><li class=\"p1\">Isolierung<br \/>\u00a0 \u00a0 \u00a0 \u00a0 \u00a0&#8211; Im Winter spart es Heizenergie<br \/>\u00a0 \u00a0 \u00a0 \u00a0 \u00a0&#8211; Im Sommer stoppt es die Sonnenhitze<\/li><\/ul><p class=\"p1\"><b>Motorisierte Systeme bieten bequeme Handhabung.<\/b><\/p>\t\t\t\t\t\t\t\t<\/div>\n\t\t\t\t<\/div>\n\t\t\t\t\t<\/div>\n\t\t<\/div>\n\t\t\t\t<div class=\"elementor-column elementor-col-50 elementor-top-column elementor-element elementor-element-b1b9ac7\" data-id=\"b1b9ac7\" data-element_type=\"column\" data-e-type=\"column\">\n\t\t\t<div class=\"elementor-widget-wrap elementor-element-populated\">\n\t\t\t\t\t\t<div class=\"elementor-element elementor-element-6d7cc45 elementor-widget elementor-widget-image\" data-id=\"6d7cc45\" data-element_type=\"widget\" data-e-type=\"widget\" data-widget_type=\"image.default\">\n\t\t\t\t<div class=\"elementor-widget-container\">\n\t\t\t\t\t\t\t\t\t\t\t\t\t\t\t<img fetchpriority=\"high\" decoding=\"async\" width=\"300\" height=\"197\" src=\"https:\/\/aickelin.eu\/cms\/wp-content\/uploads\/2019\/02\/modern-zeitlos-funktional-300x197.png\" class=\"attachment-medium size-medium wp-image-5866\" alt=\"\" srcset=\"https:\/\/aickelin.eu\/cms\/wp-content\/uploads\/2019\/02\/modern-zeitlos-funktional-300x197.png 300w, https:\/\/aickelin.eu\/cms\/wp-content\/uploads\/2019\/02\/modern-zeitlos-funktional.png 433w\" sizes=\"(max-width: 300px) 100vw, 300px\" title=\"modern-zeitlos-funktional\" \/>\t\t\t\t\t\t\t\t\t\t\t\t\t\t\t<\/div>\n\t\t\t\t<\/div>\n\t\t\t\t\t<\/div>\n\t\t<\/div>\n\t\t\t\t\t<\/div>\n\t\t<\/section>\n\t\t\t\t<section class=\"elementor-section elementor-top-section elementor-element elementor-element-ecc9a82 elementor-section-boxed elementor-section-height-default elementor-section-height-default\" data-id=\"ecc9a82\" data-element_type=\"section\" data-e-type=\"section\">\n\t\t\t\t\t\t<div class=\"elementor-container elementor-column-gap-default\">\n\t\t\t\t\t<div class=\"elementor-column elementor-col-100 elementor-top-column elementor-element elementor-element-afdb250\" data-id=\"afdb250\" data-element_type=\"column\" data-e-type=\"column\">\n\t\t\t<div class=\"elementor-widget-wrap elementor-element-populated\">\n\t\t\t\t\t\t<div class=\"elementor-element elementor-element-5776002 elementor-widget elementor-widget-image\" data-id=\"5776002\" data-element_type=\"widget\" data-e-type=\"widget\" data-widget_type=\"image.default\">\n\t\t\t\t<div class=\"elementor-widget-container\">\n\t\t\t\t\t\t\t\t\t\t\t\t\t\t\t<img decoding=\"async\" width=\"768\" height=\"147\" src=\"https:\/\/aickelin.eu\/cms\/wp-content\/uploads\/2024\/06\/Innenliegender-Sonnenschutz-1366x211-1-768x147.png\" class=\"attachment-medium_large size-medium_large wp-image-7210\" alt=\"\" srcset=\"https:\/\/aickelin.eu\/cms\/wp-content\/uploads\/2024\/06\/Innenliegender-Sonnenschutz-1366x211-1-768x147.png 768w, https:\/\/aickelin.eu\/cms\/wp-content\/uploads\/2024\/06\/Innenliegender-Sonnenschutz-1366x211-1-300x57.png 300w, https:\/\/aickelin.eu\/cms\/wp-content\/uploads\/2024\/06\/Innenliegender-Sonnenschutz-1366x211-1-1024x196.png 1024w, https:\/\/aickelin.eu\/cms\/wp-content\/uploads\/2024\/06\/Innenliegender-Sonnenschutz-1366x211-1-480x92.png 480w, https:\/\/aickelin.eu\/cms\/wp-content\/uploads\/2024\/06\/Innenliegender-Sonnenschutz-1366x211-1.png 1101w\" sizes=\"(max-width: 768px) 100vw, 768px\" title=\"Innenliegender-Sonnenschutz-1366x211\" \/>\t\t\t\t\t\t\t\t\t\t\t\t\t\t\t<\/div>\n\t\t\t\t<\/div>\n\t\t\t\t\t<\/div>\n\t\t<\/div>\n\t\t\t\t\t<\/div>\n\t\t<\/section>\n\t\t\t\t<section class=\"elementor-section elementor-top-section elementor-element elementor-element-ec672e0 elementor-section-boxed elementor-section-height-default elementor-section-height-default\" data-id=\"ec672e0\" data-element_type=\"section\" data-e-type=\"section\">\n\t\t\t\t\t\t<div class=\"elementor-container elementor-column-gap-default\">\n\t\t\t\t\t<div class=\"elementor-column elementor-col-100 elementor-top-column elementor-element elementor-element-d26c152\" data-id=\"d26c152\" data-element_type=\"column\" data-e-type=\"column\">\n\t\t\t<div class=\"elementor-widget-wrap elementor-element-populated\">\n\t\t\t\t\t\t<div class=\"elementor-element elementor-element-1a7baab elementor-widget elementor-widget-text-editor\" data-id=\"1a7baab\" data-element_type=\"widget\" data-e-type=\"widget\" data-widget_type=\"text-editor.default\">\n\t\t\t\t<div class=\"elementor-widget-container\">\n\t\t\t\t\t\t\t\t\t<h2 style=\"text-align: center;\">Unsere Marken und Lieferanten zum Thema Innenliegender Sonnenschutz<\/h2><p style=\"text-align: center;\">\u2013 mit Klick auf das Logo gelangen Sie auf deren Webseite<\/p>\t\t\t\t\t\t\t\t<\/div>\n\t\t\t\t<\/div>\n\t\t\t\t\t<\/div>\n\t\t<\/div>\n\t\t\t\t\t<\/div>\n\t\t<\/section>\n\t\t\t\t<section class=\"elementor-section elementor-top-section elementor-element elementor-element-d6bd78c elementor-section-boxed elementor-section-height-default elementor-section-height-default\" data-id=\"d6bd78c\" data-element_type=\"section\" data-e-type=\"section\">\n\t\t\t\t\t\t<div class=\"elementor-container elementor-column-gap-default\">\n\t\t\t\t\t<div class=\"elementor-column elementor-col-50 elementor-top-column elementor-element elementor-element-c8f3cdb\" data-id=\"c8f3cdb\" data-element_type=\"column\" data-e-type=\"column\">\n\t\t\t<div class=\"elementor-widget-wrap elementor-element-populated\">\n\t\t\t\t\t\t<div class=\"elementor-element elementor-element-eb0aada elementor-widget elementor-widget-image\" data-id=\"eb0aada\" data-element_type=\"widget\" data-e-type=\"widget\" data-widget_type=\"image.default\">\n\t\t\t\t<div class=\"elementor-widget-container\">\n\t\t\t\t\t\t\t\t\t\t\t\t\t\t\t\t<a href=\"https:\/\/www.jab.de\" target=\"_blank\">\n\t\t\t\t\t\t\t<img decoding=\"async\" src=\"https:\/\/aickelin.eu\/cms\/wp-content\/uploads\/elementor\/thumbs\/jab-sonnenschutz-qqnluwz9jfn911q4x0x075t008si024oiyufl3b93k.png\" title=\"jab-sonnenschutz\" alt=\"jab-sonnenschutz\" loading=\"lazy\" \/>\t\t\t\t\t\t\t\t<\/a>\n\t\t\t\t\t\t\t\t\t\t\t\t\t\t\t<\/div>\n\t\t\t\t<\/div>\n\t\t\t\t\t<\/div>\n\t\t<\/div>\n\t\t\t\t<div class=\"elementor-column elementor-col-50 elementor-top-column elementor-element elementor-element-8b144ad\" data-id=\"8b144ad\" data-element_type=\"column\" data-e-type=\"column\">\n\t\t\t<div class=\"elementor-widget-wrap elementor-element-populated\">\n\t\t\t\t\t\t<div class=\"elementor-element elementor-element-4ed0942 elementor-widget elementor-widget-image\" data-id=\"4ed0942\" data-element_type=\"widget\" data-e-type=\"widget\" data-widget_type=\"image.default\">\n\t\t\t\t<div class=\"elementor-widget-container\">\n\t\t\t\t\t\t\t\t\t\t\t\t\t\t\t\t<a href=\"https:\/\/www.mhz.de\/de\/\" target=\"_blank\">\n\t\t\t\t\t\t\t<img decoding=\"async\" src=\"https:\/\/aickelin.eu\/cms\/wp-content\/uploads\/elementor\/thumbs\/mhz-qpi0byhn6104fiha96951fyfpt5blqyy2eakzqv77o.png\" title=\"mhz\" alt=\"mhz\" loading=\"lazy\" \/>\t\t\t\t\t\t\t\t<\/a>\n\t\t\t\t\t\t\t\t\t\t\t\t\t\t\t<\/div>\n\t\t\t\t<\/div>\n\t\t\t\t\t<\/div>\n\t\t<\/div>\n\t\t\t\t\t<\/div>\n\t\t<\/section>\n\t\t\t\t<\/div>\n\t\t","protected":false},"excerpt":{"rendered":"<p>Beschattung im Wohnraum bietet viele Vorteile: Sicht- und Blendschutz D\u00e4mpft den Raumschall Moderne und elegante Wohlf\u00fchlatmosph\u00e4re Funktionales und dekoratives Design Mit Beschichtung: Isolierung\u00a0 \u00a0 \u00a0 \u00a0 \u00a0&#8211; Im Winter spart es Heizenergie\u00a0 \u00a0 \u00a0 \u00a0 \u00a0&#8211; Im Sommer stoppt es die Sonnenhitze Motorisierte Systeme bieten bequeme Handhabung. Unsere Marken und Lieferanten zum Thema Innenliegender Sonnenschutz [&hellip;]<\/p>\n","protected":false},"author":2,"featured_media":0,"parent":0,"menu_order":0,"comment_status":"closed","ping_status":"closed","template":"","meta":{"footnotes":""},"class_list":["post-5757","page","type-page","status-publish","hentry"],"aioseo_notices":[],"_links":{"self":[{"href":"https:\/\/aickelin.eu\/cms\/wp-json\/wp\/v2\/pages\/5757","targetHints":{"allow":["GET"]}}],"collection":[{"href":"https:\/\/aickelin.eu\/cms\/wp-json\/wp\/v2\/pages"}],"about":[{"href":"https:\/\/aickelin.eu\/cms\/wp-json\/wp\/v2\/types\/page"}],"author":[{"embeddable":true,"href":"https:\/\/aickelin.eu\/cms\/wp-json\/wp\/v2\/users\/2"}],"replies":[{"embeddable":true,"href":"https:\/\/aickelin.eu\/cms\/wp-json\/wp\/v2\/comments?post=5757"}],"version-history":[{"count":21,"href":"https:\/\/aickelin.eu\/cms\/wp-json\/wp\/v2\/pages\/5757\/revisions"}],"predecessor-version":[{"id":7594,"href":"https:\/\/aickelin.eu\/cms\/wp-json\/wp\/v2\/pages\/5757\/revisions\/7594"}],"wp:attachment":[{"href":"https:\/\/aickelin.eu\/cms\/wp-json\/wp\/v2\/media?parent=5757"}],"curies":[{"name":"wp","href":"https:\/\/api.w.org\/{rel}","templated":true}]}}