{"id":8041,"date":"2025-05-31T05:55:38","date_gmt":"2025-05-31T05:55:38","guid":{"rendered":"https:\/\/aickelin.eu\/cms\/?page_id=8041"},"modified":"2026-04-27T05:00:47","modified_gmt":"2026-04-27T05:00:47","slug":"bodenbelaege-akustik-sonnenschutz","status":"publish","type":"page","link":"https:\/\/aickelin.eu\/cms\/","title":{"rendered":"bodenbel\u00e4ge-akustik-sonnenschutz"},"content":{"rendered":"\t\t<div data-elementor-type=\"wp-post\" data-elementor-id=\"8041\" class=\"elementor elementor-8041\">\n\t\t\t\t\t\t<section class=\"elementor-section elementor-top-section elementor-element elementor-element-a85072b elementor-section-full_width elementor-section-content-middle elementor-section-height-default elementor-section-height-default\" data-id=\"a85072b\" data-element_type=\"section\" data-e-type=\"section\" data-settings=\"{&quot;background_background&quot;:&quot;classic&quot;}\">\n\t\t\t\t\t\t<div class=\"elementor-container elementor-column-gap-default\">\n\t\t\t\t\t<div class=\"elementor-column elementor-col-100 elementor-top-column elementor-element elementor-element-33ba11e\" data-id=\"33ba11e\" data-element_type=\"column\" data-e-type=\"column\">\n\t\t\t<div class=\"elementor-widget-wrap elementor-element-populated\">\n\t\t\t\t\t\t<div class=\"elementor-element elementor-element-b0e9930 elementor-widget elementor-widget-text-editor\" data-id=\"b0e9930\" data-element_type=\"widget\" data-e-type=\"widget\" data-widget_type=\"text-editor.default\">\n\t\t\t\t<div class=\"elementor-widget-container\">\n\t\t\t\t\t\t\t\t\t<h3 style=\"text-align: center;\"><span style=\"color: #6d100a;\">\u00d6ffnungszeiten Ausstellung:\u00a0<\/span><\/h3><p style=\"text-align: center;\">Mo-Do: 9-12 Uhr &amp; 13-16 Uhr \u00b7\u00a0Fr: 9-12 Uhr \u00b7\u00a0Sa: 10-14 Uhr<br \/><em>Oder nach Terminvereinbarung.<\/em><\/p><p class=\"p1\" style=\"text-align: center;\"><strong>Am 01. &amp; 02. Mai bleibt die Ausstellung geschlossen.<\/strong><\/p>\t\t\t\t\t\t\t\t<\/div>\n\t\t\t\t<\/div>\n\t\t\t\t\t<\/div>\n\t\t<\/div>\n\t\t\t\t\t<\/div>\n\t\t<\/section>\n\t\t\t\t<section class=\"elementor-section elementor-top-section elementor-element elementor-element-184f7d0 elementor-section-stretched elementor-hidden-phone elementor-section-boxed elementor-section-height-default elementor-section-height-default\" data-id=\"184f7d0\" data-element_type=\"section\" data-e-type=\"section\" data-settings=\"{&quot;background_background&quot;:&quot;classic&quot;,&quot;stretch_section&quot;:&quot;section-stretched&quot;}\">\n\t\t\t\t\t\t\t<div class=\"elementor-background-overlay\"><\/div>\n\t\t\t\t\t\t\t<div class=\"elementor-container elementor-column-gap-default\">\n\t\t\t\t\t<div class=\"elementor-column elementor-col-100 elementor-top-column elementor-element elementor-element-63f8e11\" data-id=\"63f8e11\" data-element_type=\"column\" data-e-type=\"column\">\n\t\t\t<div class=\"elementor-widget-wrap elementor-element-populated\">\n\t\t\t\t\t\t<div class=\"elementor-element elementor-element-32a7d34 elementor-widget__width-initial elementor-widget elementor-widget-spacer\" data-id=\"32a7d34\" data-element_type=\"widget\" data-e-type=\"widget\" data-widget_type=\"spacer.default\">\n\t\t\t\t<div class=\"elementor-widget-container\">\n\t\t\t\t\t\t\t<div class=\"elementor-spacer\">\n\t\t\t<div class=\"elementor-spacer-inner\"><\/div>\n\t\t<\/div>\n\t\t\t\t\t\t<\/div>\n\t\t\t\t<\/div>\n\t\t\t\t<div class=\"elementor-element elementor-element-b42139f elementor-widget__width-initial elementor-hidden-mobile elementor-widget elementor-widget-image\" data-id=\"b42139f\" data-element_type=\"widget\" data-e-type=\"widget\" data-widget_type=\"image.default\">\n\t\t\t\t<div class=\"elementor-widget-container\">\n\t\t\t\t\t\t\t\t\t\t\t\t\t\t\t\t<a href=\"https:\/\/aickelin.eu\/cms\/news\/\">\n\t\t\t\t\t\t\t<img fetchpriority=\"high\" decoding=\"async\" width=\"940\" height=\"184\" src=\"https:\/\/aickelin.eu\/cms\/wp-content\/uploads\/2025\/05\/Parkett-Star-Auszeichnung-2025-1024x200.png\" class=\"attachment-large size-large wp-image-8144\" alt=\"\" srcset=\"https:\/\/aickelin.eu\/cms\/wp-content\/uploads\/2025\/05\/Parkett-Star-Auszeichnung-2025-1024x200.png 1024w, https:\/\/aickelin.eu\/cms\/wp-content\/uploads\/2025\/05\/Parkett-Star-Auszeichnung-2025-300x59.png 300w, https:\/\/aickelin.eu\/cms\/wp-content\/uploads\/2025\/05\/Parkett-Star-Auszeichnung-2025-768x150.png 768w, https:\/\/aickelin.eu\/cms\/wp-content\/uploads\/2025\/05\/Parkett-Star-Auszeichnung-2025-480x94.png 480w, https:\/\/aickelin.eu\/cms\/wp-content\/uploads\/2025\/05\/Parkett-Star-Auszeichnung-2025.png 1441w\" sizes=\"(max-width: 940px) 100vw, 940px\" title=\"Parkett-Star-Auszeichnung-2025\" \/>\t\t\t\t\t\t\t\t<\/a>\n\t\t\t\t\t\t\t\t\t\t\t\t\t\t\t<\/div>\n\t\t\t\t<\/div>\n\t\t\t\t<div class=\"elementor-element-custom_font_size elementor-element-custom_line_height elementor-element-custom_font_weight elementor-element-custom_color elementor-element elementor-element-db3a94f elementor-widget__width-initial elementor-hidden-mobile elementor-widget elementor-widget-text-editor\" data-id=\"db3a94f\" data-element_type=\"widget\" data-e-type=\"widget\" data-widget_type=\"text-editor.default\">\n\t\t\t\t<div class=\"elementor-widget-container\">\n\t\t\t\t\t\t\t\t\t<p class=\"p1\">Entdecken Sie unsere neue Ausstellung<\/p>\t\t\t\t\t\t\t\t<\/div>\n\t\t\t\t<\/div>\n\t\t\t\t<div class=\"elementor-element elementor-element-0da987a elementor-widget__width-initial elementor-widget-mobile__width-initial elementor-hidden-desktop elementor-hidden-tablet elementor-widget elementor-widget-image\" data-id=\"0da987a\" data-element_type=\"widget\" data-e-type=\"widget\" data-widget_type=\"image.default\">\n\t\t\t\t<div class=\"elementor-widget-container\">\n\t\t\t\t\t\t\t\t\t\t\t\t\t\t\t<img fetchpriority=\"high\" decoding=\"async\" width=\"940\" height=\"184\" src=\"https:\/\/aickelin.eu\/cms\/wp-content\/uploads\/2025\/05\/Parkett-Star-Auszeichnung-2025-1024x200.png\" class=\"attachment-large size-large wp-image-8144\" alt=\"\" srcset=\"https:\/\/aickelin.eu\/cms\/wp-content\/uploads\/2025\/05\/Parkett-Star-Auszeichnung-2025-1024x200.png 1024w, https:\/\/aickelin.eu\/cms\/wp-content\/uploads\/2025\/05\/Parkett-Star-Auszeichnung-2025-300x59.png 300w, https:\/\/aickelin.eu\/cms\/wp-content\/uploads\/2025\/05\/Parkett-Star-Auszeichnung-2025-768x150.png 768w, https:\/\/aickelin.eu\/cms\/wp-content\/uploads\/2025\/05\/Parkett-Star-Auszeichnung-2025-480x94.png 480w, https:\/\/aickelin.eu\/cms\/wp-content\/uploads\/2025\/05\/Parkett-Star-Auszeichnung-2025.png 1441w\" sizes=\"(max-width: 940px) 100vw, 940px\" title=\"Parkett-Star-Auszeichnung-2025\" \/>\t\t\t\t\t\t\t\t\t\t\t\t\t\t\t<\/div>\n\t\t\t\t<\/div>\n\t\t\t\t\t<\/div>\n\t\t<\/div>\n\t\t\t\t\t<\/div>\n\t\t<\/section>\n\t\t\t\t<section class=\"elementor-section elementor-top-section elementor-element elementor-element-3cfe261 elementor-section-stretched elementor-hidden-desktop elementor-hidden-tablet elementor-section-boxed elementor-section-height-default elementor-section-height-default\" data-id=\"3cfe261\" data-element_type=\"section\" data-e-type=\"section\" data-settings=\"{&quot;background_background&quot;:&quot;classic&quot;,&quot;stretch_section&quot;:&quot;section-stretched&quot;}\">\n\t\t\t\t\t\t\t<div class=\"elementor-background-overlay\"><\/div>\n\t\t\t\t\t\t\t<div class=\"elementor-container elementor-column-gap-default\">\n\t\t\t\t\t<div class=\"elementor-column elementor-col-100 elementor-top-column elementor-element elementor-element-3718e7e\" data-id=\"3718e7e\" data-element_type=\"column\" data-e-type=\"column\">\n\t\t\t<div class=\"elementor-widget-wrap elementor-element-populated\">\n\t\t\t\t\t\t<div class=\"elementor-element elementor-element-d08e05b elementor-widget__width-initial elementor-widget elementor-widget-spacer\" data-id=\"d08e05b\" data-element_type=\"widget\" data-e-type=\"widget\" data-widget_type=\"spacer.default\">\n\t\t\t\t<div class=\"elementor-widget-container\">\n\t\t\t\t\t\t\t<div class=\"elementor-spacer\">\n\t\t\t<div class=\"elementor-spacer-inner\"><\/div>\n\t\t<\/div>\n\t\t\t\t\t\t<\/div>\n\t\t\t\t<\/div>\n\t\t\t\t<div class=\"elementor-element elementor-element-9a90acf elementor-widget__width-initial elementor-hidden-mobile elementor-widget elementor-widget-image\" data-id=\"9a90acf\" data-element_type=\"widget\" data-e-type=\"widget\" data-widget_type=\"image.default\">\n\t\t\t\t<div class=\"elementor-widget-container\">\n\t\t\t\t\t\t\t\t\t\t\t\t\t\t\t<img fetchpriority=\"high\" decoding=\"async\" width=\"940\" height=\"184\" src=\"https:\/\/aickelin.eu\/cms\/wp-content\/uploads\/2025\/05\/Parkett-Star-Auszeichnung-2025-1024x200.png\" class=\"attachment-large size-large wp-image-8144\" alt=\"\" srcset=\"https:\/\/aickelin.eu\/cms\/wp-content\/uploads\/2025\/05\/Parkett-Star-Auszeichnung-2025-1024x200.png 1024w, https:\/\/aickelin.eu\/cms\/wp-content\/uploads\/2025\/05\/Parkett-Star-Auszeichnung-2025-300x59.png 300w, https:\/\/aickelin.eu\/cms\/wp-content\/uploads\/2025\/05\/Parkett-Star-Auszeichnung-2025-768x150.png 768w, https:\/\/aickelin.eu\/cms\/wp-content\/uploads\/2025\/05\/Parkett-Star-Auszeichnung-2025-480x94.png 480w, https:\/\/aickelin.eu\/cms\/wp-content\/uploads\/2025\/05\/Parkett-Star-Auszeichnung-2025.png 1441w\" sizes=\"(max-width: 940px) 100vw, 940px\" title=\"Parkett-Star-Auszeichnung-2025\" \/>\t\t\t\t\t\t\t\t\t\t\t\t\t\t\t<\/div>\n\t\t\t\t<\/div>\n\t\t\t\t<div class=\"elementor-element-custom_font_size elementor-element-custom_line_height elementor-element-custom_font_weight elementor-element-custom_color elementor-element elementor-element-62ac3c5 elementor-widget__width-initial elementor-hidden-mobile elementor-widget elementor-widget-text-editor\" data-id=\"62ac3c5\" data-element_type=\"widget\" data-e-type=\"widget\" data-widget_type=\"text-editor.default\">\n\t\t\t\t<div class=\"elementor-widget-container\">\n\t\t\t\t\t\t\t\t\t<p class=\"p1\">Entdecken Sie unsere neue Ausstellung<\/p>\t\t\t\t\t\t\t\t<\/div>\n\t\t\t\t<\/div>\n\t\t\t\t<div class=\"elementor-element-custom_font_size elementor-element-custom_line_height elementor-element-custom_font_weight elementor-element-custom_color elementor-element elementor-element-374e63a elementor-widget__width-initial elementor-hidden-desktop elementor-hidden-tablet elementor-widget-mobile__width-initial elementor-widget elementor-widget-text-editor\" data-id=\"374e63a\" data-element_type=\"widget\" data-e-type=\"widget\" data-widget_type=\"text-editor.default\">\n\t\t\t\t<div class=\"elementor-widget-container\">\n\t\t\t\t\t\t\t\t\t<p class=\"p1\">Entdecken Sie unsere neue Ausstellung<\/p>\t\t\t\t\t\t\t\t<\/div>\n\t\t\t\t<\/div>\n\t\t\t\t<div class=\"elementor-element elementor-element-6c7dcd2 elementor-widget__width-initial elementor-widget-mobile__width-initial elementor-hidden-desktop elementor-hidden-tablet elementor-widget elementor-widget-image\" data-id=\"6c7dcd2\" data-element_type=\"widget\" data-e-type=\"widget\" data-widget_type=\"image.default\">\n\t\t\t\t<div class=\"elementor-widget-container\">\n\t\t\t\t\t\t\t\t\t\t\t\t\t\t\t<img fetchpriority=\"high\" decoding=\"async\" width=\"940\" height=\"184\" src=\"https:\/\/aickelin.eu\/cms\/wp-content\/uploads\/2025\/05\/Parkett-Star-Auszeichnung-2025-1024x200.png\" class=\"attachment-large size-large wp-image-8144\" alt=\"\" srcset=\"https:\/\/aickelin.eu\/cms\/wp-content\/uploads\/2025\/05\/Parkett-Star-Auszeichnung-2025-1024x200.png 1024w, https:\/\/aickelin.eu\/cms\/wp-content\/uploads\/2025\/05\/Parkett-Star-Auszeichnung-2025-300x59.png 300w, https:\/\/aickelin.eu\/cms\/wp-content\/uploads\/2025\/05\/Parkett-Star-Auszeichnung-2025-768x150.png 768w, https:\/\/aickelin.eu\/cms\/wp-content\/uploads\/2025\/05\/Parkett-Star-Auszeichnung-2025-480x94.png 480w, https:\/\/aickelin.eu\/cms\/wp-content\/uploads\/2025\/05\/Parkett-Star-Auszeichnung-2025.png 1441w\" sizes=\"(max-width: 940px) 100vw, 940px\" title=\"Parkett-Star-Auszeichnung-2025\" \/>\t\t\t\t\t\t\t\t\t\t\t\t\t\t\t<\/div>\n\t\t\t\t<\/div>\n\t\t\t\t\t<\/div>\n\t\t<\/div>\n\t\t\t\t\t<\/div>\n\t\t<\/section>\n\t\t\t\t<section class=\"elementor-section elementor-top-section elementor-element elementor-element-e4c6dd2 elementor-section-boxed elementor-section-height-default elementor-section-height-default\" data-id=\"e4c6dd2\" data-element_type=\"section\" data-e-type=\"section\">\n\t\t\t\t\t\t<div class=\"elementor-container elementor-column-gap-default\">\n\t\t\t\t\t<div class=\"elementor-column elementor-col-33 elementor-top-column elementor-element elementor-element-6c57e61\" data-id=\"6c57e61\" data-element_type=\"column\" data-e-type=\"column\">\n\t\t\t<div class=\"elementor-widget-wrap elementor-element-populated\">\n\t\t\t\t\t\t<div class=\"elementor-element-custom_font_size elementor-element-custom_line_height elementor-element-custom_font_weight elementor-element-custom_color elementor-element elementor-element-3bea0f6 elementor-widget__width-initial elementor-widget elementor-widget-text-editor\" data-id=\"3bea0f6\" data-element_type=\"widget\" data-e-type=\"widget\" data-widget_type=\"text-editor.default\">\n\t\t\t\t<div class=\"elementor-widget-container\">\n\t\t\t\t\t\t\t\t\t<p class=\"p1\"><span class=\"s1\">Ihre R\u00e4ume. <\/span><\/p><p class=\"p1\"><span class=\"s1\">Unsere Vision.<\/span><\/p>\t\t\t\t\t\t\t\t<\/div>\n\t\t\t\t<\/div>\n\t\t\t\t\t<\/div>\n\t\t<\/div>\n\t\t\t\t<div class=\"elementor-column elementor-col-33 elementor-top-column elementor-element elementor-element-baab39d elementor-hidden-tablet elementor-hidden-phone elementor-hidden-desktop\" data-id=\"baab39d\" data-element_type=\"column\" data-e-type=\"column\">\n\t\t\t<div class=\"elementor-widget-wrap elementor-element-populated\">\n\t\t\t\t\t\t<div class=\"elementor-element elementor-element-e57bd6c elementor-widget__width-initial elementor-widget elementor-widget-spacer\" data-id=\"e57bd6c\" data-element_type=\"widget\" data-e-type=\"widget\" data-widget_type=\"spacer.default\">\n\t\t\t\t<div class=\"elementor-widget-container\">\n\t\t\t\t\t\t\t<div class=\"elementor-spacer\">\n\t\t\t<div class=\"elementor-spacer-inner\"><\/div>\n\t\t<\/div>\n\t\t\t\t\t\t<\/div>\n\t\t\t\t<\/div>\n\t\t\t\t\t<\/div>\n\t\t<\/div>\n\t\t\t\t<div class=\"elementor-column elementor-col-33 elementor-top-column elementor-element elementor-element-fb51114\" data-id=\"fb51114\" data-element_type=\"column\" data-e-type=\"column\">\n\t\t\t<div class=\"elementor-widget-wrap elementor-element-populated\">\n\t\t\t\t\t\t<div class=\"elementor-element elementor-element-bf6af14 elementor-widget__width-initial elementor-widget elementor-widget-text-editor\" data-id=\"bf6af14\" data-element_type=\"widget\" data-e-type=\"widget\" data-widget_type=\"text-editor.default\">\n\t\t\t\t<div class=\"elementor-widget-container\">\n\t\t\t\t\t\t\t\t\t<p class=\"p1\"><strong data-start=\"133\" data-end=\"253\">Wir gestalten individuelle Wohnkonzepte mit pers\u00f6nlicher Beratung und umfassendem Service in Heilbronn und Umgebung.<\/strong> Unsere L\u00f6sungen sind perfekt auf Ihre W\u00fcnsche und Bed\u00fcrfnisse abgestimmt. Von der ersten <strong data-start=\"179\" data-end=\"191\">Beratung<\/strong> \u00fcber die detaillierte <strong data-start=\"214\" data-end=\"225\">Planung<\/strong> bis hin zur fachgerechten <strong data-start=\"252\" data-end=\"263\">Montage<\/strong> begleiten wir Sie mit Kompetenz, Einf\u00fchlungsverm\u00f6gen und einem feinen Gesp\u00fcr f\u00fcr Design. Ihre Ideen entwickeln wir weiter \u2013 stilbewusst, fundiert und kreativ.\u00a0<\/p>\t\t\t\t\t\t\t\t<\/div>\n\t\t\t\t<\/div>\n\t\t\t\t\t<\/div>\n\t\t<\/div>\n\t\t\t\t\t<\/div>\n\t\t<\/section>\n\t\t\t\t<section class=\"elementor-section elementor-top-section elementor-element elementor-element-7fbaf5f elementor-section-boxed elementor-section-height-default elementor-section-height-default\" data-id=\"7fbaf5f\" data-element_type=\"section\" data-e-type=\"section\" data-settings=\"{&quot;background_background&quot;:&quot;classic&quot;}\">\n\t\t\t\t\t\t<div class=\"elementor-container elementor-column-gap-default\">\n\t\t\t\t\t<div class=\"elementor-column elementor-col-50 elementor-top-column elementor-element elementor-element-08bc4f5\" data-id=\"08bc4f5\" data-element_type=\"column\" data-e-type=\"column\">\n\t\t\t<div class=\"elementor-widget-wrap elementor-element-populated\">\n\t\t\t\t\t\t<div class=\"elementor-element-custom_font_size elementor-element-custom_line_height elementor-element-custom_font_weight elementor-element-custom_color elementor-element elementor-element-ce45d6d elementor-widget__width-initial elementor-widget elementor-widget-text-editor\" data-id=\"ce45d6d\" data-element_type=\"widget\" data-e-type=\"widget\" data-widget_type=\"text-editor.default\">\n\t\t\t\t<div class=\"elementor-widget-container\">\n\t\t\t\t\t\t\t\t\t<p class=\"p1\">130 Jahre Wohnleidenschaft in 4. Generation.<\/p>\t\t\t\t\t\t\t\t<\/div>\n\t\t\t\t<\/div>\n\t\t\t\t<div class=\"elementor-element elementor-element-52d3892 elementor-widget__width-initial elementor-widget elementor-widget-text-editor\" data-id=\"52d3892\" data-element_type=\"widget\" data-e-type=\"widget\" data-widget_type=\"text-editor.default\">\n\t\t\t\t<div class=\"elementor-widget-container\">\n\t\t\t\t\t\t\t\t\t<p class=\"p1\"><strong><span class=\"s1\">Was 1895 als kleiner Kolonialwarenladen von Hermann Aickelin<\/span> begann, ist heute ein stolzes, in der Region verwurzeltes Familienunternehmen.<\/strong> <span class=\"s2\">Mit Leidenschaft und handwerklichem K\u00f6nnen entstehen hier hochwertige Bodenl\u00f6sungen und <\/span><span class=\"s3\" style=\"color: #6d100a;\"><b>stilvolle Raumkonzepte f\u00fcr h\u00f6chste Anspr\u00fcche<\/b><\/span><span class=\"s4\">.<\/span><\/p><p class=\"p3\">Tim Aickelin f\u00fchrt das Unternehmen seit 2007 mit Herz und Verstand, legt gro\u00dfen Wert auf pers\u00f6nliche Beratung, Teamgeist und die Ausbildung junger Talente.<span class=\"s5\" style=\"color: #6d100a;\"> <b>Innovation und Nachhaltigkeit sind bei uns keine Schlagworte, sondern gelebte Praxis<\/b><\/span> \u2013\u00a0vom smarten Online-Beratungstool bis hin zu umweltfreundlichen Materialien. Unsere Vision f\u00fcr die Zukunft ist gepr\u00e4gt von Regionalit\u00e4t, Umweltbewusstsein und einem verantwortungsvollen Umgang mit Ressourcen.<\/p>\t\t\t\t\t\t\t\t<\/div>\n\t\t\t\t<\/div>\n\t\t\t\t\t<\/div>\n\t\t<\/div>\n\t\t\t\t<div class=\"elementor-column elementor-col-50 elementor-top-column elementor-element elementor-element-bb110cf\" data-id=\"bb110cf\" data-element_type=\"column\" data-e-type=\"column\">\n\t\t\t<div class=\"elementor-widget-wrap elementor-element-populated\">\n\t\t\t\t\t\t<div class=\"elementor-element elementor-element-453564b elementor-widget__width-initial elementor-widget elementor-widget-image\" data-id=\"453564b\" data-element_type=\"widget\" data-e-type=\"widget\" data-widget_type=\"image.default\">\n\t\t\t\t<div class=\"elementor-widget-container\">\n\t\t\t\t\t\t\t\t\t\t\t\t\t\t\t<img decoding=\"async\" width=\"940\" height=\"701\" src=\"https:\/\/aickelin.eu\/cms\/wp-content\/uploads\/2025\/05\/Aickelin-Objekt-Heilbronn-Neckarsulm-1024x764.png\" class=\"attachment-large size-large wp-image-8053\" alt=\"\" srcset=\"https:\/\/aickelin.eu\/cms\/wp-content\/uploads\/2025\/05\/Aickelin-Objekt-Heilbronn-Neckarsulm-1024x764.png 1024w, https:\/\/aickelin.eu\/cms\/wp-content\/uploads\/2025\/05\/Aickelin-Objekt-Heilbronn-Neckarsulm-300x224.png 300w, https:\/\/aickelin.eu\/cms\/wp-content\/uploads\/2025\/05\/Aickelin-Objekt-Heilbronn-Neckarsulm-768x573.png 768w, https:\/\/aickelin.eu\/cms\/wp-content\/uploads\/2025\/05\/Aickelin-Objekt-Heilbronn-Neckarsulm-1536x1146.png 1536w, https:\/\/aickelin.eu\/cms\/wp-content\/uploads\/2025\/05\/Aickelin-Objekt-Heilbronn-Neckarsulm-480x358.png 480w, https:\/\/aickelin.eu\/cms\/wp-content\/uploads\/2025\/05\/Aickelin-Objekt-Heilbronn-Neckarsulm.png 1617w\" sizes=\"(max-width: 940px) 100vw, 940px\" title=\"Aickelin-Objekt-Heilbronn-Neckarsulm\" \/>\t\t\t\t\t\t\t\t\t\t\t\t\t\t\t<\/div>\n\t\t\t\t<\/div>\n\t\t\t\t<div class=\"elementor-element elementor-element-d23d8c7 elementor-widget__width-initial elementor-widget elementor-widget-image\" data-id=\"d23d8c7\" data-element_type=\"widget\" data-e-type=\"widget\" data-widget_type=\"image.default\">\n\t\t\t\t<div class=\"elementor-widget-container\">\n\t\t\t\t\t\t\t\t\t\t\t\t\t\t\t\t<a href=\"https:\/\/aickelin.eu\/cms\/historie-aickelin-objekt-heilbronn\/\">\n\t\t\t\t\t\t\t<img decoding=\"async\" width=\"940\" height=\"141\" src=\"https:\/\/aickelin.eu\/cms\/wp-content\/uploads\/2025\/05\/mehr-Historie-Aickelin-1024x154.png\" class=\"attachment-large size-large wp-image-8054\" alt=\"\" srcset=\"https:\/\/aickelin.eu\/cms\/wp-content\/uploads\/2025\/05\/mehr-Historie-Aickelin-1024x154.png 1024w, https:\/\/aickelin.eu\/cms\/wp-content\/uploads\/2025\/05\/mehr-Historie-Aickelin-300x45.png 300w, https:\/\/aickelin.eu\/cms\/wp-content\/uploads\/2025\/05\/mehr-Historie-Aickelin-768x116.png 768w, https:\/\/aickelin.eu\/cms\/wp-content\/uploads\/2025\/05\/mehr-Historie-Aickelin-480x72.png 480w, https:\/\/aickelin.eu\/cms\/wp-content\/uploads\/2025\/05\/mehr-Historie-Aickelin.png 1433w\" sizes=\"(max-width: 940px) 100vw, 940px\" title=\"mehr-Historie-Aickelin\" \/>\t\t\t\t\t\t\t\t<\/a>\n\t\t\t\t\t\t\t\t\t\t\t\t\t\t\t<\/div>\n\t\t\t\t<\/div>\n\t\t\t\t\t<\/div>\n\t\t<\/div>\n\t\t\t\t\t<\/div>\n\t\t<\/section>\n\t\t\t\t<section class=\"elementor-section elementor-top-section elementor-element elementor-element-4db530f elementor-section-boxed elementor-section-height-default elementor-section-height-default\" data-id=\"4db530f\" data-element_type=\"section\" data-e-type=\"section\">\n\t\t\t\t\t\t<div class=\"elementor-container elementor-column-gap-default\">\n\t\t\t\t\t<div class=\"elementor-column elementor-col-50 elementor-top-column elementor-element elementor-element-34250cf\" data-id=\"34250cf\" data-element_type=\"column\" data-e-type=\"column\">\n\t\t\t<div class=\"elementor-widget-wrap elementor-element-populated\">\n\t\t\t\t\t\t<div class=\"elementor-element-custom_font_size elementor-element-custom_line_height elementor-element-custom_font_weight elementor-element-custom_color elementor-element elementor-element-7d3b740 elementor-widget__width-initial elementor-widget elementor-widget-text-editor\" data-id=\"7d3b740\" data-element_type=\"widget\" data-e-type=\"widget\" data-widget_type=\"text-editor.default\">\n\t\t\t\t<div class=\"elementor-widget-container\">\n\t\t\t\t\t\t\t\t\t<p class=\"p1\"><span style=\"color: #6d100a;\"><a href=\"https:\/\/aickelin.eu\/cms\/angebot-raumausstatter-neckarsulm\/\" style=\"color: #6d100a;\">B\u00f6den<\/a><\/span><\/p>\t\t\t\t\t\t\t\t<\/div>\n\t\t\t\t<\/div>\n\t\t\t\t<div class=\"elementor-element elementor-element-8f2525d elementor-widget__width-initial elementor-widget elementor-widget-text-editor\" data-id=\"8f2525d\" data-element_type=\"widget\" data-e-type=\"widget\" data-widget_type=\"text-editor.default\">\n\t\t\t\t<div class=\"elementor-widget-container\">\n\t\t\t\t\t\t\t\t\t<p class=\"p1\">Ob edles <a href=\"https:\/\/aickelin.eu\/cms\/parkett-2\/\"><span class=\"s1\" style=\"color: #6d100a;\"><b>Parkett<\/b><\/span><\/a>, <a href=\"https:\/\/aickelin.eu\/cms\/hywood\/\"><span style=\"color: #6d100a;\"><strong>Hywood<\/strong><\/span><\/a>, stilvoller <a href=\"https:\/\/aickelin.eu\/cms\/designboeden-vinyl\/\"><span class=\"s1\" style=\"color: #6d100a;\"><b>Designboden<\/b><\/span><\/a> oder weicher <a href=\"https:\/\/aickelin.eu\/cms\/teppichboden\/\"><span class=\"s1\" style=\"color: #6d100a;\"><b>Teppich<\/b><\/span><\/a> \u2013 unsere Bodenl\u00f6sungen schaffen Atmosph\u00e4re und Individualit\u00e4t. Mit nat\u00fcrlichen Holzt\u00f6nen, abwechslungsreichen Strukturen und kreativen Verlegemustern gestalten Sie R\u00e4ume ganz nach Ihrem Geschmack. Unser Sortiment bietet nicht nur Vielfalt, sondern auch Komfort, Langlebigkeit und leichte Pflege \u2013 perfekt f\u00fcr jedes Zuhause und jeden Anspruch.<\/p>\t\t\t\t\t\t\t\t<\/div>\n\t\t\t\t<\/div>\n\t\t\t\t<div class=\"elementor-element elementor-element-a5f9ce8 elementor-widget__width-initial elementor-widget elementor-widget-image\" data-id=\"a5f9ce8\" data-element_type=\"widget\" data-e-type=\"widget\" data-widget_type=\"image.default\">\n\t\t\t\t<div class=\"elementor-widget-container\">\n\t\t\t\t\t\t\t\t\t\t\t\t\t\t\t<img loading=\"lazy\" decoding=\"async\" width=\"775\" height=\"412\" src=\"https:\/\/aickelin.eu\/cms\/wp-content\/uploads\/2025\/05\/Bodenbelag-Heilbronn-Aickelin-Teppich-1.jpg\" class=\"attachment-large size-large wp-image-8061\" alt=\"\" srcset=\"https:\/\/aickelin.eu\/cms\/wp-content\/uploads\/2025\/05\/Bodenbelag-Heilbronn-Aickelin-Teppich-1.jpg 775w, https:\/\/aickelin.eu\/cms\/wp-content\/uploads\/2025\/05\/Bodenbelag-Heilbronn-Aickelin-Teppich-1-300x159.jpg 300w, https:\/\/aickelin.eu\/cms\/wp-content\/uploads\/2025\/05\/Bodenbelag-Heilbronn-Aickelin-Teppich-1-768x408.jpg 768w, https:\/\/aickelin.eu\/cms\/wp-content\/uploads\/2025\/05\/Bodenbelag-Heilbronn-Aickelin-Teppich-1-480x255.jpg 480w\" sizes=\"(max-width: 775px) 100vw, 775px\" title=\"Bodenbelag-Heilbronn-Aickelin-Teppich\" \/>\t\t\t\t\t\t\t\t\t\t\t\t\t\t\t<\/div>\n\t\t\t\t<\/div>\n\t\t\t\t<div class=\"elementor-element elementor-element-4463866 elementor-widget__width-initial elementor-widget elementor-widget-image\" data-id=\"4463866\" data-element_type=\"widget\" data-e-type=\"widget\" data-widget_type=\"image.default\">\n\t\t\t\t<div class=\"elementor-widget-container\">\n\t\t\t\t\t\t\t\t\t\t\t\t\t\t\t\t<a href=\"https:\/\/aickelin.eu\/cms\/angebot-raumausstatter-neckarsulm\/\">\n\t\t\t\t\t\t\t<img loading=\"lazy\" decoding=\"async\" width=\"441\" height=\"453\" src=\"https:\/\/aickelin.eu\/cms\/wp-content\/uploads\/2025\/05\/Text-Bodenbelaege.png\" class=\"attachment-large size-large wp-image-8065\" alt=\"\" srcset=\"https:\/\/aickelin.eu\/cms\/wp-content\/uploads\/2025\/05\/Text-Bodenbelaege.png 441w, https:\/\/aickelin.eu\/cms\/wp-content\/uploads\/2025\/05\/Text-Bodenbelaege-292x300.png 292w\" sizes=\"(max-width: 441px) 100vw, 441px\" title=\"Text-Bodenbelaege\" \/>\t\t\t\t\t\t\t\t<\/a>\n\t\t\t\t\t\t\t\t\t\t\t\t\t\t\t<\/div>\n\t\t\t\t<\/div>\n\t\t\t\t\t<\/div>\n\t\t<\/div>\n\t\t\t\t<div class=\"elementor-column elementor-col-50 elementor-top-column elementor-element elementor-element-06d51b2\" data-id=\"06d51b2\" data-element_type=\"column\" data-e-type=\"column\">\n\t\t\t<div class=\"elementor-widget-wrap elementor-element-populated\">\n\t\t\t\t\t\t<div class=\"elementor-element elementor-element-012d2fc elementor-widget__width-initial elementor-widget elementor-widget-image\" data-id=\"012d2fc\" data-element_type=\"widget\" data-e-type=\"widget\" data-widget_type=\"image.default\">\n\t\t\t\t<div class=\"elementor-widget-container\">\n\t\t\t\t\t\t\t\t\t\t\t\t\t\t\t<img loading=\"lazy\" decoding=\"async\" width=\"900\" height=\"578\" src=\"https:\/\/aickelin.eu\/cms\/wp-content\/uploads\/2025\/05\/Bodenbelag-Heilbronn-Aickelin-Parkett.jpg\" class=\"attachment-large size-large wp-image-8059\" alt=\"\" srcset=\"https:\/\/aickelin.eu\/cms\/wp-content\/uploads\/2025\/05\/Bodenbelag-Heilbronn-Aickelin-Parkett.jpg 900w, https:\/\/aickelin.eu\/cms\/wp-content\/uploads\/2025\/05\/Bodenbelag-Heilbronn-Aickelin-Parkett-300x193.jpg 300w, https:\/\/aickelin.eu\/cms\/wp-content\/uploads\/2025\/05\/Bodenbelag-Heilbronn-Aickelin-Parkett-768x493.jpg 768w, https:\/\/aickelin.eu\/cms\/wp-content\/uploads\/2025\/05\/Bodenbelag-Heilbronn-Aickelin-Parkett-480x308.jpg 480w\" sizes=\"(max-width: 900px) 100vw, 900px\" title=\"Bodenbelag-Heilbronn-Aickelin-Parkett\" \/>\t\t\t\t\t\t\t\t\t\t\t\t\t\t\t<\/div>\n\t\t\t\t<\/div>\n\t\t\t\t<div class=\"elementor-element elementor-element-3268d02 elementor-widget elementor-widget-counter\" data-id=\"3268d02\" data-element_type=\"widget\" data-e-type=\"widget\" data-widget_type=\"counter.default\">\n\t\t\t\t<div class=\"elementor-widget-container\">\n\t\t\t\t\t\t\t<div class=\"elementor-counter\">\n\t\t\t<div class=\"elementor-counter-title\">qm verlegter B\u00f6den <\/div>\t\t\t<div class=\"elementor-counter-number-wrapper\">\n\t\t\t\t<span class=\"elementor-counter-number-prefix\"><\/span>\n\t\t\t\t<span class=\"elementor-counter-number\" data-duration=\"2000\" data-to-value=\"811.245\" data-from-value=\"0\" data-delimiter=\",\">0<\/span>\n\t\t\t\t<span class=\"elementor-counter-number-suffix\"><\/span>\n\t\t\t<\/div>\n\t\t<\/div>\n\t\t\t\t\t\t<\/div>\n\t\t\t\t<\/div>\n\t\t\t\t\t<\/div>\n\t\t<\/div>\n\t\t\t\t\t<\/div>\n\t\t<\/section>\n\t\t\t\t<section class=\"elementor-section elementor-top-section elementor-element elementor-element-74010c7 elementor-section-boxed elementor-section-height-default elementor-section-height-default\" data-id=\"74010c7\" data-element_type=\"section\" data-e-type=\"section\" data-settings=\"{&quot;background_background&quot;:&quot;classic&quot;}\">\n\t\t\t\t\t\t<div class=\"elementor-container elementor-column-gap-default\">\n\t\t\t\t\t<div class=\"elementor-column elementor-col-50 elementor-top-column elementor-element elementor-element-6bc4f3c\" data-id=\"6bc4f3c\" data-element_type=\"column\" data-e-type=\"column\">\n\t\t\t<div class=\"elementor-widget-wrap elementor-element-populated\">\n\t\t\t\t\t\t<div class=\"elementor-element elementor-element-48c4c15 elementor-widget__width-initial elementor-widget elementor-widget-image\" data-id=\"48c4c15\" data-element_type=\"widget\" data-e-type=\"widget\" data-widget_type=\"image.default\">\n\t\t\t\t<div class=\"elementor-widget-container\">\n\t\t\t\t\t\t\t\t\t\t\t\t\t\t\t<img loading=\"lazy\" decoding=\"async\" width=\"775\" height=\"403\" src=\"https:\/\/aickelin.eu\/cms\/wp-content\/uploads\/2025\/05\/Workflow-Aickelin-Bodenbelag.jpg\" class=\"attachment-large size-large wp-image-8069\" alt=\"\" srcset=\"https:\/\/aickelin.eu\/cms\/wp-content\/uploads\/2025\/05\/Workflow-Aickelin-Bodenbelag.jpg 775w, https:\/\/aickelin.eu\/cms\/wp-content\/uploads\/2025\/05\/Workflow-Aickelin-Bodenbelag-300x156.jpg 300w, https:\/\/aickelin.eu\/cms\/wp-content\/uploads\/2025\/05\/Workflow-Aickelin-Bodenbelag-768x399.jpg 768w, https:\/\/aickelin.eu\/cms\/wp-content\/uploads\/2025\/05\/Workflow-Aickelin-Bodenbelag-480x250.jpg 480w\" sizes=\"(max-width: 775px) 100vw, 775px\" title=\"Workflow-Aickelin-Bodenbelag\" \/>\t\t\t\t\t\t\t\t\t\t\t\t\t\t\t<\/div>\n\t\t\t\t<\/div>\n\t\t\t\t\t<\/div>\n\t\t<\/div>\n\t\t\t\t<div class=\"elementor-column elementor-col-50 elementor-top-column elementor-element elementor-element-72bce97\" data-id=\"72bce97\" data-element_type=\"column\" data-e-type=\"column\">\n\t\t\t<div class=\"elementor-widget-wrap elementor-element-populated\">\n\t\t\t\t\t\t<div class=\"elementor-element-custom_font_size elementor-element-custom_line_height elementor-element-custom_font_weight elementor-element-custom_color elementor-element elementor-element-0b38393 elementor-widget__width-initial elementor-widget elementor-widget-text-editor\" data-id=\"0b38393\" data-element_type=\"widget\" data-e-type=\"widget\" data-widget_type=\"text-editor.default\">\n\t\t\t\t<div class=\"elementor-widget-container\">\n\t\t\t\t\t\t\t\t\t<p class=\"p1\"><span style=\"color: #6d100a;\"><a href=\"https:\/\/aickelin.eu\/cms\/bodenleger-heilbronn\/\" style=\"color: #6d100a;\">Workflow<\/a><\/span><\/p>\t\t\t\t\t\t\t\t<\/div>\n\t\t\t\t<\/div>\n\t\t\t\t<div class=\"elementor-element elementor-element-7e9a8de elementor-widget__width-initial elementor-widget elementor-widget-text-editor\" data-id=\"7e9a8de\" data-element_type=\"widget\" data-e-type=\"widget\" data-widget_type=\"text-editor.default\">\n\t\t\t\t<div class=\"elementor-widget-container\">\n\t\t\t\t\t\t\t\t\t<p class=\"p1\">Bei Aickelin Objekt k\u00f6nnen Sie<strong> <span class=\"s1\">hochwertige Designbel\u00e4ge <\/span><\/strong>entweder direkt f\u00fcr die <strong><span class=\"s1\">Selbstverlegung<\/span><\/strong> erwerben <strong><span class=\"s1\">oder von unseren erfahrenen Fachkr\u00e4ften<\/span><\/strong> professionell verlegen lassen. Entdecken Sie unsere vielf\u00e4ltige Auswahl an Farben, Dekoren und unterschiedlichen Aufbauvarianten \u2013 und lassen Sie sich von unseren <span class=\"s1\"><strong>Raumausstattern fachkundig beraten<\/strong>.<\/span><\/p>\t\t\t\t\t\t\t\t<\/div>\n\t\t\t\t<\/div>\n\t\t\t\t\t<\/div>\n\t\t<\/div>\n\t\t\t\t\t<\/div>\n\t\t<\/section>\n\t\t\t\t<section class=\"elementor-section elementor-top-section elementor-element elementor-element-a93b49e elementor-section-boxed elementor-section-height-default elementor-section-height-default\" data-id=\"a93b49e\" data-element_type=\"section\" data-e-type=\"section\">\n\t\t\t\t\t\t<div class=\"elementor-container elementor-column-gap-default\">\n\t\t\t\t\t<div class=\"elementor-column elementor-col-50 elementor-top-column elementor-element elementor-element-59426bd\" data-id=\"59426bd\" data-element_type=\"column\" data-e-type=\"column\">\n\t\t\t<div class=\"elementor-widget-wrap elementor-element-populated\">\n\t\t\t\t\t\t<div class=\"elementor-element-custom_font_size elementor-element-custom_line_height elementor-element-custom_font_weight elementor-element-custom_color elementor-element elementor-element-61260b2 elementor-widget__width-initial elementor-widget elementor-widget-text-editor\" data-id=\"61260b2\" data-element_type=\"widget\" data-e-type=\"widget\" data-widget_type=\"text-editor.default\">\n\t\t\t\t<div class=\"elementor-widget-container\">\n\t\t\t\t\t\t\t\t\t<p class=\"p1\"><span style=\"color: #6d100a;\"><a href=\"https:\/\/aickelin.eu\/cms\/akustikpaneele\/\" title=\"Akustikpaneele\" style=\"color: #6d100a;\">Akustik<\/a><\/span><\/p>\t\t\t\t\t\t\t\t<\/div>\n\t\t\t\t<\/div>\n\t\t\t\t<div class=\"elementor-element elementor-element-29a1ec2 elementor-widget__width-initial elementor-widget elementor-widget-text-editor\" data-id=\"29a1ec2\" data-element_type=\"widget\" data-e-type=\"widget\" data-widget_type=\"text-editor.default\">\n\t\t\t\t<div class=\"elementor-widget-container\">\n\t\t\t\t\t\t\t\t\t<p class=\"p1\"><span style=\"color: #000000;\"><a href=\"https:\/\/aickelin.eu\/cms\/akustikpaneele\/\" title=\"Akustikpaneele\" style=\"color: #000000;\"><span class=\"s1\"><b>Akustikpaneele<\/b><\/span><\/a><\/span>, die an W\u00e4nden und\/oder Decken angebracht werden, tragen ma\u00dfgeblich dazu bei, eine angenehme Atmosph\u00e4re zu schaffen.<\/p>\t\t\t\t\t\t\t\t<\/div>\n\t\t\t\t<\/div>\n\t\t\t\t<div class=\"elementor-element elementor-element-dfd6ed2 elementor-widget__width-initial elementor-widget elementor-widget-image\" data-id=\"dfd6ed2\" data-element_type=\"widget\" data-e-type=\"widget\" data-widget_type=\"image.default\">\n\t\t\t\t<div class=\"elementor-widget-container\">\n\t\t\t\t\t\t\t\t\t\t\t\t\t\t\t<img loading=\"lazy\" decoding=\"async\" width=\"458\" height=\"253\" src=\"https:\/\/aickelin.eu\/cms\/wp-content\/uploads\/2025\/05\/Akustik-Wandpaneel-Heilbronn-Aickelin-1.jpg\" class=\"attachment-large size-large wp-image-8085\" alt=\"\" srcset=\"https:\/\/aickelin.eu\/cms\/wp-content\/uploads\/2025\/05\/Akustik-Wandpaneel-Heilbronn-Aickelin-1.jpg 458w, https:\/\/aickelin.eu\/cms\/wp-content\/uploads\/2025\/05\/Akustik-Wandpaneel-Heilbronn-Aickelin-1-300x166.jpg 300w\" sizes=\"(max-width: 458px) 100vw, 458px\" title=\"Akustik-Wandpaneel-Heilbronn-Aickelin\" \/>\t\t\t\t\t\t\t\t\t\t\t\t\t\t\t<\/div>\n\t\t\t\t<\/div>\n\t\t\t\t<div class=\"elementor-element elementor-element-0728112 elementor-widget__width-initial elementor-widget elementor-widget-image\" data-id=\"0728112\" data-element_type=\"widget\" data-e-type=\"widget\" data-widget_type=\"image.default\">\n\t\t\t\t<div class=\"elementor-widget-container\">\n\t\t\t\t\t\t\t\t\t\t\t\t\t\t\t\t<a href=\"https:\/\/aickelin.eu\/cms\/akustikpaneele\/\">\n\t\t\t\t\t\t\t<img loading=\"lazy\" decoding=\"async\" width=\"257\" height=\"227\" src=\"https:\/\/aickelin.eu\/cms\/wp-content\/uploads\/2025\/05\/Text-Akustik.png\" class=\"attachment-large size-large wp-image-8088\" alt=\"\" title=\"Text-Akustik\" \/>\t\t\t\t\t\t\t\t<\/a>\n\t\t\t\t\t\t\t\t\t\t\t\t\t\t\t<\/div>\n\t\t\t\t<\/div>\n\t\t\t\t\t<\/div>\n\t\t<\/div>\n\t\t\t\t<div class=\"elementor-column elementor-col-50 elementor-top-column elementor-element elementor-element-92fede1\" data-id=\"92fede1\" data-element_type=\"column\" data-e-type=\"column\">\n\t\t\t<div class=\"elementor-widget-wrap elementor-element-populated\">\n\t\t\t\t\t\t<div class=\"elementor-element elementor-element-145d058 elementor-widget__width-initial elementor-widget elementor-widget-image\" data-id=\"145d058\" data-element_type=\"widget\" data-e-type=\"widget\" data-widget_type=\"image.default\">\n\t\t\t\t<div class=\"elementor-widget-container\">\n\t\t\t\t\t\t\t\t\t\t\t\t\t\t\t<img loading=\"lazy\" decoding=\"async\" width=\"563\" height=\"364\" src=\"https:\/\/aickelin.eu\/cms\/wp-content\/uploads\/2025\/05\/Akustik-Aickelin-Objekt-Neckarsulm.jpg\" class=\"attachment-large size-large wp-image-8082\" alt=\"\" srcset=\"https:\/\/aickelin.eu\/cms\/wp-content\/uploads\/2025\/05\/Akustik-Aickelin-Objekt-Neckarsulm.jpg 563w, https:\/\/aickelin.eu\/cms\/wp-content\/uploads\/2025\/05\/Akustik-Aickelin-Objekt-Neckarsulm-300x194.jpg 300w, https:\/\/aickelin.eu\/cms\/wp-content\/uploads\/2025\/05\/Akustik-Aickelin-Objekt-Neckarsulm-480x310.jpg 480w\" sizes=\"(max-width: 563px) 100vw, 563px\" title=\"Akustik-Aickelin-Objekt-Neckarsulm\" \/>\t\t\t\t\t\t\t\t\t\t\t\t\t\t\t<\/div>\n\t\t\t\t<\/div>\n\t\t\t\t\t<\/div>\n\t\t<\/div>\n\t\t\t\t\t<\/div>\n\t\t<\/section>\n\t\t\t\t<section class=\"elementor-section elementor-top-section elementor-element elementor-element-d873cf6 elementor-section-boxed elementor-section-height-default elementor-section-height-default\" data-id=\"d873cf6\" data-element_type=\"section\" data-e-type=\"section\">\n\t\t\t\t\t\t<div class=\"elementor-container elementor-column-gap-default\">\n\t\t\t\t\t<div class=\"elementor-column elementor-col-100 elementor-top-column elementor-element elementor-element-07af2cc\" data-id=\"07af2cc\" data-element_type=\"column\" data-e-type=\"column\">\n\t\t\t<div class=\"elementor-widget-wrap elementor-element-populated\">\n\t\t\t\t\t\t<div class=\"elementor-element elementor-element-4245bd1 elementor-widget__width-initial elementor-widget elementor-widget-text-editor\" data-id=\"4245bd1\" data-element_type=\"widget\" data-e-type=\"widget\" data-widget_type=\"text-editor.default\">\n\t\t\t\t<div class=\"elementor-widget-container\">\n\t\t\t\t\t\t\t\t\t<p class=\"p1\">Sie verringern den L\u00e4rmpegel und sorgen f\u00fcr ein ruhiges Raumklima. Das bedeutet nicht nur mehr Entspannung zu Hause, sondern auch eine gesteigerte Konzentration und Produktivit\u00e4t, besonders wenn Sie im Homeoffice arbeiten.\u00a0<\/p>\t\t\t\t\t\t\t\t<\/div>\n\t\t\t\t<\/div>\n\t\t\t\t\t<\/div>\n\t\t<\/div>\n\t\t\t\t\t<\/div>\n\t\t<\/section>\n\t\t\t\t<section class=\"elementor-section elementor-top-section elementor-element elementor-element-de314b3 elementor-section-boxed elementor-section-height-default elementor-section-height-default\" data-id=\"de314b3\" data-element_type=\"section\" data-e-type=\"section\">\n\t\t\t\t\t\t<div class=\"elementor-container elementor-column-gap-default\">\n\t\t\t\t\t<div class=\"elementor-column elementor-col-50 elementor-top-column elementor-element elementor-element-98336af\" data-id=\"98336af\" data-element_type=\"column\" data-e-type=\"column\">\n\t\t\t<div class=\"elementor-widget-wrap elementor-element-populated\">\n\t\t\t\t\t\t<div class=\"elementor-element elementor-element-1d0508f elementor-widget__width-initial elementor-widget elementor-widget-image\" data-id=\"1d0508f\" data-element_type=\"widget\" data-e-type=\"widget\" data-widget_type=\"image.default\">\n\t\t\t\t<div class=\"elementor-widget-container\">\n\t\t\t\t\t\t\t\t\t\t\t\t\t\t\t<img loading=\"lazy\" decoding=\"async\" width=\"775\" height=\"403\" src=\"https:\/\/aickelin.eu\/cms\/wp-content\/uploads\/2025\/05\/Sonnenschutz-Plisees-Heilbronn-Aickelin-1.jpg\" class=\"attachment-large size-large wp-image-8128\" alt=\"\" srcset=\"https:\/\/aickelin.eu\/cms\/wp-content\/uploads\/2025\/05\/Sonnenschutz-Plisees-Heilbronn-Aickelin-1.jpg 775w, https:\/\/aickelin.eu\/cms\/wp-content\/uploads\/2025\/05\/Sonnenschutz-Plisees-Heilbronn-Aickelin-1-300x156.jpg 300w, https:\/\/aickelin.eu\/cms\/wp-content\/uploads\/2025\/05\/Sonnenschutz-Plisees-Heilbronn-Aickelin-1-768x399.jpg 768w, https:\/\/aickelin.eu\/cms\/wp-content\/uploads\/2025\/05\/Sonnenschutz-Plisees-Heilbronn-Aickelin-1-480x250.jpg 480w\" sizes=\"(max-width: 775px) 100vw, 775px\" title=\"Sonnenschutz-Plisees-Heilbronn-Aickelin\" \/>\t\t\t\t\t\t\t\t\t\t\t\t\t\t\t<\/div>\n\t\t\t\t<\/div>\n\t\t\t\t<div class=\"elementor-element elementor-element-b7b82c0 elementor-widget__width-initial elementor-widget elementor-widget-image\" data-id=\"b7b82c0\" data-element_type=\"widget\" data-e-type=\"widget\" data-widget_type=\"image.default\">\n\t\t\t\t<div class=\"elementor-widget-container\">\n\t\t\t\t\t\t\t\t\t\t\t\t\t\t\t<img loading=\"lazy\" decoding=\"async\" width=\"458\" height=\"253\" src=\"https:\/\/aickelin.eu\/cms\/wp-content\/uploads\/2025\/05\/Rollos-Heilbronn-Aickelin-Sonnenschutz.jpg\" class=\"attachment-large size-large wp-image-8129\" alt=\"\" srcset=\"https:\/\/aickelin.eu\/cms\/wp-content\/uploads\/2025\/05\/Rollos-Heilbronn-Aickelin-Sonnenschutz.jpg 458w, https:\/\/aickelin.eu\/cms\/wp-content\/uploads\/2025\/05\/Rollos-Heilbronn-Aickelin-Sonnenschutz-300x166.jpg 300w\" sizes=\"(max-width: 458px) 100vw, 458px\" title=\"Rollos-Heilbronn-Aickelin-Sonnenschutz\" \/>\t\t\t\t\t\t\t\t\t\t\t\t\t\t\t<\/div>\n\t\t\t\t<\/div>\n\t\t\t\t<div class=\"elementor-element elementor-element-3f36b34 elementor-widget__width-initial elementor-widget elementor-widget-image\" data-id=\"3f36b34\" data-element_type=\"widget\" data-e-type=\"widget\" data-widget_type=\"image.default\">\n\t\t\t\t<div class=\"elementor-widget-container\">\n\t\t\t\t\t\t\t\t\t\t\t\t\t\t\t\t<a href=\"https:\/\/aickelin.eu\/cms\/akustikpaneele\/\">\n\t\t\t\t\t\t\t<img loading=\"lazy\" decoding=\"async\" width=\"195\" height=\"173\" src=\"https:\/\/aickelin.eu\/cms\/wp-content\/uploads\/2025\/05\/Text-Sonnenschutz.png\" class=\"attachment-large size-large wp-image-8089\" alt=\"\" title=\"Text-Sonnenschutz\" \/>\t\t\t\t\t\t\t\t<\/a>\n\t\t\t\t\t\t\t\t\t\t\t\t\t\t\t<\/div>\n\t\t\t\t<\/div>\n\t\t\t\t\t<\/div>\n\t\t<\/div>\n\t\t\t\t<div class=\"elementor-column elementor-col-50 elementor-top-column elementor-element elementor-element-5ab893f\" data-id=\"5ab893f\" data-element_type=\"column\" data-e-type=\"column\">\n\t\t\t<div class=\"elementor-widget-wrap elementor-element-populated\">\n\t\t\t\t\t\t<div class=\"elementor-element-custom_font_size elementor-element-custom_line_height elementor-element-custom_font_weight elementor-element-custom_color elementor-element elementor-element-818cbb8 elementor-widget__width-initial elementor-widget elementor-widget-text-editor\" data-id=\"818cbb8\" data-element_type=\"widget\" data-e-type=\"widget\" data-widget_type=\"text-editor.default\">\n\t\t\t\t<div class=\"elementor-widget-container\">\n\t\t\t\t\t\t\t\t\t<p class=\"p1\"><span style=\"color: #6d100a;\"><a href=\"https:\/\/aickelin.eu\/cms\/innenliegender-sonnenschutz\/\" style=\"color: #6d100a;\">Sonnenschutz<\/a><\/span><\/p>\t\t\t\t\t\t\t\t<\/div>\n\t\t\t\t<\/div>\n\t\t\t\t<div class=\"elementor-element elementor-element-72ed14d elementor-widget__width-initial elementor-widget elementor-widget-text-editor\" data-id=\"72ed14d\" data-element_type=\"widget\" data-e-type=\"widget\" data-widget_type=\"text-editor.default\">\n\t\t\t\t<div class=\"elementor-widget-container\">\n\t\t\t\t\t\t\t\t\t<p class=\"p1\">Beschattung in Wohn- und Arbeitsr\u00e4umen bietet viele Vorteile: Sie sch\u00fctzt vor unerw\u00fcnschten Blicken und blendendem Licht, erh\u00f6ht Privatsph\u00e4re und Komfort und verbessert die Raumakustik durch Schall\u00add\u00e4mpfung. Moderne L\u00f6sungen in vielf\u00e4ltigen Designs vereinen Funktionalit\u00e4t und Stil und schaffen eine angenehme Wohlf\u00fchlatmosph\u00e4re.<\/p>\t\t\t\t\t\t\t\t<\/div>\n\t\t\t\t<\/div>\n\t\t\t\t<div class=\"elementor-element elementor-element-41a6aff elementor-widget__width-initial elementor-widget elementor-widget-text-editor\" data-id=\"41a6aff\" data-element_type=\"widget\" data-e-type=\"widget\" data-widget_type=\"text-editor.default\">\n\t\t\t\t<div class=\"elementor-widget-container\">\n\t\t\t\t\t\t\t\t\t<p class=\"p1\"><a href=\"https:\/\/aickelin.eu\/cms\/innenliegender-sonnenschutz\/\"><span class=\"s1\" style=\"color: #6d100a;\"><b>Rollos<\/b><\/span><\/a> aus Stoff lassen sich durch einen praktischen Mechanismus auf- und abrollen und bieten effektiven Sicht- und Sonnenschutz. <a href=\"https:\/\/aickelin.eu\/cms\/innenliegender-sonnenschutz\/\"><span class=\"s1\" style=\"color: #6d100a;\"><b>Plissees<\/b><\/span><\/a> bestehen aus gefaltetem Stoff, die sich sowohl vertikal als auch horizontal einstellen lassen und flexible M\u00f6glichkeiten zur Lichtregulierung und Sichtschutz garantieren. <a href=\"https:\/\/aickelin.eu\/cms\/innenliegender-sonnenschutz\/\"><span class=\"s1\" style=\"color: #6d100a;\"><b>Lamellen<\/b><\/span><\/a> erm\u00f6glichen eine pr\u00e4zise Steuerung des Lichteinfalls und des Sichtschutzes, indem sie je nach Bedarf geneigt oder gedreht werden k\u00f6nnen.<\/p>\t\t\t\t\t\t\t\t<\/div>\n\t\t\t\t<\/div>\n\t\t\t\t\t<\/div>\n\t\t<\/div>\n\t\t\t\t\t<\/div>\n\t\t<\/section>\n\t\t\t\t<section class=\"elementor-section elementor-top-section elementor-element elementor-element-a305642 elementor-section-boxed elementor-section-height-default elementor-section-height-default\" data-id=\"a305642\" data-element_type=\"section\" data-e-type=\"section\" data-settings=\"{&quot;background_background&quot;:&quot;classic&quot;}\">\n\t\t\t\t\t\t<div class=\"elementor-container elementor-column-gap-default\">\n\t\t\t\t\t<div class=\"elementor-column elementor-col-50 elementor-top-column elementor-element elementor-element-fc44232\" data-id=\"fc44232\" data-element_type=\"column\" data-e-type=\"column\">\n\t\t\t<div class=\"elementor-widget-wrap elementor-element-populated\">\n\t\t\t\t\t\t<div class=\"elementor-element-custom_font_size elementor-element-custom_line_height elementor-element-custom_font_weight elementor-element-custom_color elementor-element elementor-element-ad4339b elementor-widget__width-initial elementor-widget elementor-widget-text-editor\" data-id=\"ad4339b\" data-element_type=\"widget\" data-e-type=\"widget\" data-widget_type=\"text-editor.default\">\n\t\t\t\t<div class=\"elementor-widget-container\">\n\t\t\t\t\t\t\t\t\t<p class=\"p1\" style=\"text-align: right;\">Ihr Raumgef\u00fchl liegt bei uns in besten H\u00e4nden:<\/p>\t\t\t\t\t\t\t\t<\/div>\n\t\t\t\t<\/div>\n\t\t\t\t\t<\/div>\n\t\t<\/div>\n\t\t\t\t<div class=\"elementor-column elementor-col-50 elementor-top-column elementor-element elementor-element-98e3bae\" data-id=\"98e3bae\" data-element_type=\"column\" data-e-type=\"column\">\n\t\t\t<div class=\"elementor-widget-wrap elementor-element-populated\">\n\t\t\t\t\t\t<div class=\"elementor-element elementor-element-7aadd63 elementor-widget__width-initial elementor-widget elementor-widget-text-editor\" data-id=\"7aadd63\" data-element_type=\"widget\" data-e-type=\"widget\" data-widget_type=\"text-editor.default\">\n\t\t\t\t<div class=\"elementor-widget-container\">\n\t\t\t\t\t\t\t\t\t<p class=\"p1\">Unser erfahrenes Team aus Bodenlegern, Malern und Monteuren setzt Ihre Vision zuverl\u00e4ssig und mit handwerklicher Pr\u00e4zision um \u2013 f\u00fcr ein Zuhause, das Pers\u00f6nlichkeit und Qualit\u00e4t ausstrahlt.<\/p>\t\t\t\t\t\t\t\t<\/div>\n\t\t\t\t<\/div>\n\t\t\t\t\t<\/div>\n\t\t<\/div>\n\t\t\t\t\t<\/div>\n\t\t<\/section>\n\t\t\t\t<section class=\"elementor-section elementor-top-section elementor-element elementor-element-0d686df elementor-section-boxed elementor-section-height-default elementor-section-height-default\" data-id=\"0d686df\" data-element_type=\"section\" data-e-type=\"section\">\n\t\t\t\t\t\t<div class=\"elementor-container elementor-column-gap-default\">\n\t\t\t\t\t<div class=\"elementor-column elementor-col-100 elementor-top-column elementor-element elementor-element-609a7a8\" data-id=\"609a7a8\" data-element_type=\"column\" data-e-type=\"column\">\n\t\t\t<div class=\"elementor-widget-wrap elementor-element-populated\">\n\t\t\t\t\t\t<div class=\"elementor-element elementor-element-6299287 elementor-widget__width-initial elementor-widget elementor-widget-heading\" data-id=\"6299287\" data-element_type=\"widget\" data-e-type=\"widget\" data-widget_type=\"heading.default\">\n\t\t\t\t<div class=\"elementor-widget-container\">\n\t\t\t\t\t<h2 class=\"elementor-heading-title elementor-size-default\">Unsere Marken und Lieferanten:<\/h2>\t\t\t\t<\/div>\n\t\t\t\t<\/div>\n\t\t\t\t\t<\/div>\n\t\t<\/div>\n\t\t\t\t\t<\/div>\n\t\t<\/section>\n\t\t\t\t<section class=\"elementor-section elementor-top-section elementor-element elementor-element-8c04706 elementor-section-boxed elementor-section-height-default elementor-section-height-default\" data-id=\"8c04706\" data-element_type=\"section\" data-e-type=\"section\">\n\t\t\t\t\t\t<div class=\"elementor-container elementor-column-gap-default\">\n\t\t\t\t\t<div class=\"elementor-column elementor-col-100 elementor-top-column elementor-element elementor-element-fd94022\" data-id=\"fd94022\" data-element_type=\"column\" data-e-type=\"column\">\n\t\t\t<div class=\"elementor-widget-wrap elementor-element-populated\">\n\t\t\t\t\t\t<div class=\"elementor-element elementor-element-2e0644d elementor-widget elementor-widget-html\" data-id=\"2e0644d\" data-element_type=\"widget\" data-e-type=\"widget\" data-widget_type=\"html.default\">\n\t\t\t\t<div class=\"elementor-widget-container\">\n\t\t\t\t\t<div class=\"Logozeile\">\n    <div class=\"Logozeile_Innenrahmen\">\n         <a class=\"Logozeile_Link\" target=\"_blank\" href=\"https:\/\/www.alu-plan.de\/de\/start.html\">\n            <img decoding=\"async\" src=\"\/cms\/wp-content\/uploads\/2024\/06\/aluplan-Sockelleisten.png\" alt=\"\" \/>\n        <\/a>\n        <a class=\"Logozeile_Link\" target=\"_blank\" href=\"https:\/\/www.bona.com\/\">\n            <img decoding=\"async\" src=\"\/cms\/wp-content\/uploads\/2024\/06\/Bona.png\" alt=\"\" \/>\n        <\/a>\n         <a class=\"Logozeile_Link\" target=\"_blank\" href=\"https:\/\/nadelvlies.de\/\">\n            <img decoding=\"async\" src=\"\/cms\/wp-content\/uploads\/2024\/06\/findeisen-nadelvlies.png\" alt=\"\" \/>\n        <\/a>\n            <a class=\"Logozeile_Link\" target=\"_blank\" href=\"https:\/\/www.fuma.com\/\">\n            <img decoding=\"async\" src=\"\/cms\/wp-content\/uploads\/2024\/06\/Sauberlauf-Fuma.png\" alt=\"\" \/>\n        <\/a>\n           \n        <a class=\"Logozeile_Link\" target=\"_blank\" href=\"https:\/\/www.gerflor.de\/\">\n            <img decoding=\"async\" src=\"\/cms\/wp-content\/uploads\/2024\/06\/gerflor-Designbelag.png\" alt=\"\" \/>\n        <\/a>\n            <a class=\"Logozeile_Link\" target=\"_blank\" href=\"https:\/\/www.hain.de\/de\">\n            <img decoding=\"async\" src=\"\/cms\/wp-content\/uploads\/2024\/06\/hain-parkett.png\" alt=\"\" \/>\n        <\/a>\n          <a class=\"Logozeile_Link\" target=\"_blank\" href=\"https:\/\/www.ivc-commercial.com\/de-de\">\n            <img decoding=\"async\" src=\"\/cms\/wp-content\/uploads\/2024\/06\/ivc-bodenbelag.png\" alt=\"\" \/>\n        <\/a>\n                <a class=\"Logozeile_Link\" target=\"_blank\" href=\"https:\/\/www.jab.de\/\">\n            <img decoding=\"async\" src=\"\/cms\/wp-content\/uploads\/2024\/07\/jab-sonnenschutz.png\" alt=\"\" \/>\n        <\/a>\n                <a class=\"Logozeile_Link\" target=\"_blank\" href=\"https:\/\/teppich-jordan.de\/\">\n            <img decoding=\"async\" src=\"\/cms\/wp-content\/uploads\/2024\/06\/jordan.png\" alt=\"\" \/>\n        <\/a>\n            <a class=\"Logozeile_Link\" target=\"_blank\" href=\"https:\/\/eka-krauss.de\/\">\n            <img decoding=\"async\" src=\"\/cms\/wp-content\/uploads\/2024\/06\/Krauss.png\" alt=\"\" \/>\n        <\/a>\n              <a class=\"Logozeile_Link\" target=\"_blank\" href=\"https:\/\/www.mhz.de\/de\/\">\n            <img decoding=\"async\" src=\"\/cms\/wp-content\/uploads\/2024\/06\/mhz.png\" alt=\"\" \/>\n        <\/a>\n            <a class=\"Logozeile_Link\" target=\"_blank\" href=\"https:\/\/www.moduleo.com\/de-de\">\n            <img decoding=\"async\" src=\"\/cms\/wp-content\/uploads\/2024\/07\/moduleo-designbelag.png\" alt=\"\" \/>\n        <\/a>\n             <a class=\"Logozeile_Link\" target=\"_blank\" href=\"https:\/\/www.nora.com\/deutschland\/de\">\n            <img decoding=\"async\" src=\"\/cms\/wp-content\/uploads\/2024\/06\/nora-kautschuk.png\" alt=\"\" \/>\n        <\/a>\n           <a class=\"Logozeile_Link\" target=\"_blank\" href=\"https:\/\/www.object-carpet.com\/de\">\n            <img decoding=\"async\" src=\"\/cms\/wp-content\/uploads\/2024\/06\/Teppich-object-carpet.jpg\" alt=\"\" \/>\n        <\/a>\n       \n                <a class=\"Logozeile_Link\" target=\"_blank\" href=\"https:\/\/www.suedbrock.de\/\">\n            <img decoding=\"async\" src=\"\/cms\/wp-content\/uploads\/2024\/06\/Sockelleisten-suedbrock.png\" alt=\"\" \/>\n        <\/a>\n       <a class=\"Logozeile_Link\" target=\"_blank\" href=\"https:\/\/www.tarkett.de\/\">\n            <img decoding=\"async\" src=\"\/cms\/wp-content\/uploads\/2024\/06\/tarkett-bodenbelag.png\" alt=\"\" \/>\n        <\/a>\n             <a class=\"Logozeile_Link\" target=\"_blank\" href=\"https:\/\/www.terhuerne.com\/\">\n            <img decoding=\"async\" src=\"\/cms\/wp-content\/uploads\/2024\/06\/terhuerne.png\" alt=\"\" \/>\n        <\/a>\n        \n \n            <a class=\"Logozeile_Link\" target=\"_blank\" href=\"https:\/\/www.tretford.eu\/\">\n            <img decoding=\"async\" src=\"\/cms\/wp-content\/uploads\/2024\/06\/Tretford-Teppich.png\" alt=\"\" \/>\n        <\/a>\n        \n        <a class=\"Logozeile_Link\" target=\"_blank\" href=\"https:\/\/de.uzin.com\/\">\n            <img decoding=\"async\" src=\"\/cms\/wp-content\/uploads\/2024\/06\/uzin-Bauchemie.png\" alt=\"\" \/>\n        <\/a>\n    \n    <\/div>\n<\/div>\t\t\t\t<\/div>\n\t\t\t\t<\/div>\n\t\t\t\t\t<\/div>\n\t\t<\/div>\n\t\t\t\t\t<\/div>\n\t\t<\/section>\n\t\t\t\t<section class=\"elementor-section elementor-top-section elementor-element elementor-element-49e4d46 elementor-section-boxed elementor-section-height-default elementor-section-height-default\" data-id=\"49e4d46\" data-element_type=\"section\" data-e-type=\"section\" data-settings=\"{&quot;background_background&quot;:&quot;classic&quot;}\">\n\t\t\t\t\t\t<div class=\"elementor-container elementor-column-gap-default\">\n\t\t\t\t\t<div class=\"elementor-column elementor-col-100 elementor-top-column elementor-element elementor-element-1e8443b\" data-id=\"1e8443b\" data-element_type=\"column\" data-e-type=\"column\">\n\t\t\t<div class=\"elementor-widget-wrap elementor-element-populated\">\n\t\t\t\t\t\t<div class=\"elementor-element-custom_font_size elementor-element-custom_line_height elementor-element-custom_font_weight elementor-element-custom_color elementor-element elementor-element-1738ba8 elementor-widget__width-initial elementor-widget elementor-widget-text-editor\" data-id=\"1738ba8\" data-element_type=\"widget\" data-e-type=\"widget\" data-widget_type=\"text-editor.default\">\n\t\t\t\t<div class=\"elementor-widget-container\">\n\t\t\t\t\t\t\t\t\t<p class=\"p1\" style=\"text-align: center;\"><span style=\"color: #6d100a;\"><a href=\"https:\/\/aickelin.eu\/cms\/angebot-raumausstatter-neckarsulm\/\" style=\"color: #6d100a;\"><span class=\"s1\">B\u00f6de<\/span><span class=\"s2\">n <\/span><span class=\"s3\">| <\/span><span class=\"s1\">Akusti<\/span><span class=\"s2\">k <\/span><span class=\"s3\">| <\/span><span class=\"s1\">Sonnenschutz<\/span><\/a><\/span><\/p>\t\t\t\t\t\t\t\t<\/div>\n\t\t\t\t<\/div>\n\t\t\t\t\t<\/div>\n\t\t<\/div>\n\t\t\t\t\t<\/div>\n\t\t<\/section>\n\t\t\t\t<\/div>\n\t\t","protected":false},"excerpt":{"rendered":"<p>\u00d6ffnungszeiten Ausstellung:\u00a0 Mo-Do: 9-12 Uhr &amp; 13-16 Uhr \u00b7\u00a0Fr: 9-12 Uhr \u00b7\u00a0Sa: 10-14 UhrOder nach Terminvereinbarung. Am 01. &amp; 02. Mai bleibt die Ausstellung geschlossen. Entdecken Sie unsere neue Ausstellung Entdecken Sie unsere neue Ausstellung Entdecken Sie unsere neue Ausstellung Ihre R\u00e4ume. Unsere Vision. Wir gestalten individuelle Wohnkonzepte mit pers\u00f6nlicher Beratung und umfassendem Service in [&hellip;]<\/p>\n","protected":false},"author":2,"featured_media":0,"parent":0,"menu_order":0,"comment_status":"closed","ping_status":"closed","template":"elementor_header_footer","meta":{"footnotes":""},"class_list":["post-8041","page","type-page","status-publish","hentry"],"aioseo_notices":[],"_links":{"self":[{"href":"https:\/\/aickelin.eu\/cms\/wp-json\/wp\/v2\/pages\/8041","targetHints":{"allow":["GET"]}}],"collection":[{"href":"https:\/\/aickelin.eu\/cms\/wp-json\/wp\/v2\/pages"}],"about":[{"href":"https:\/\/aickelin.eu\/cms\/wp-json\/wp\/v2\/types\/page"}],"author":[{"embeddable":true,"href":"https:\/\/aickelin.eu\/cms\/wp-json\/wp\/v2\/users\/2"}],"replies":[{"embeddable":true,"href":"https:\/\/aickelin.eu\/cms\/wp-json\/wp\/v2\/comments?post=8041"}],"version-history":[{"count":196,"href":"https:\/\/aickelin.eu\/cms\/wp-json\/wp\/v2\/pages\/8041\/revisions"}],"predecessor-version":[{"id":8539,"href":"https:\/\/aickelin.eu\/cms\/wp-json\/wp\/v2\/pages\/8041\/revisions\/8539"}],"wp:attachment":[{"href":"https:\/\/aickelin.eu\/cms\/wp-json\/wp\/v2\/media?parent=8041"}],"curies":[{"name":"wp","href":"https:\/\/api.w.org\/{rel}","templated":true}]}}